{"id":9133,"date":"2025-04-23T12:01:28","date_gmt":"2025-04-23T10:01:28","guid":{"rendered":"https:\/\/natureplast.eu\/nuestras-empresas\/equipo-3\/"},"modified":"2025-07-18T09:53:43","modified_gmt":"2025-07-18T07:53:43","slug":"equipo-3","status":"publish","type":"page","link":"https:\/\/natureplast.eu\/es\/nuestras-empresas\/equipo-3\/","title":{"rendered":"Equipo"},"content":{"rendered":"\n<h2 class=\"wp-block-heading\"><em>Gesti\u00f3n<\/em><\/h2>\n    <div class=\"row\">\r\n            <div class=\"col-12 col-sm-6 col-xl-4 col-xxl-3 mb-4\">\r\n            <div class=\"item-equipe\" style=\"background-image: url('https:\/\/natureplast.eu\/wp-content\/uploads\/2025\/03\/Thomas-724x1024.jpg')\">\r\n                <div class=\"overlay\">\r\n                    <p class=\"titre\">Thomas Lef\u00e8vre<\/p>\r\n                    <p class=\"fonction\">Fundador Presidente<\/p>\r\n                    <p class=\"description\">Licenciado en Comercio Internacional y en Marketing, Thomas es fundador y Presidente de NaturePlast \/ BiopolyNov.<\/p>\r\n                <\/div>\r\n            <\/div>\r\n        <\/div>\r\n            <div class=\"col-12 col-sm-6 col-xl-4 col-xxl-3 mb-4\">\r\n            <div class=\"item-equipe\" style=\"background-image: url('https:\/\/natureplast.eu\/wp-content\/uploads\/2025\/03\/Guillaume-1-724x1024.jpg')\">\r\n                <div class=\"overlay\">\r\n                    <p class=\"titre\">Guillaume Lebouteiller<\/p>\r\n                    <p class=\"fonction\">Vicepresidente Ejecutivo  <\/p>\r\n                    <p class=\"description\">Licenciado en Ingenier\u00eda Qu\u00edmica por la Escuela Nacional Superior de Ingenieros de Caen (ENSICAEN), Guillaume trabaja desde 2007 con cientos de socios y clientes en el desarrollo de productos biopl\u00e1sticos. Ahora se encarga de la gesti\u00f3n administrativa de la empresa. <\/p>\r\n                <\/div>\r\n            <\/div>\r\n        <\/div>\r\n            <div class=\"col-12 col-sm-6 col-xl-4 col-xxl-3 mb-4\">\r\n            <div class=\"item-equipe\" style=\"background-image: url('https:\/\/natureplast.eu\/wp-content\/uploads\/2025\/03\/Laurent-724x1024.jpg')\">\r\n                <div class=\"overlay\">\r\n                    <p class=\"titre\">Laurent B\u00e9lard<\/p>\r\n                    <p class=\"fonction\">Director Cient\u00edfico<\/p>\r\n                    <p class=\"description\">Licenciado en Ingenier\u00eda de Materiales por la \u00c9cole Europ\u00e9enne d&#8217;Ing\u00e9nieurs en G\u00e9nie des Mat\u00e9riaux (EEIGM) de Nancy y doctor en Qu\u00edmica de Materiales por la Universit\u00e9 de Reims Champagne-Ardenne, Laurent se encarga de dirigir las actividades cient\u00edficas de la empresa desde 2011.  <\/p>\r\n                <\/div>\r\n            <\/div>\r\n        <\/div>\r\n        <\/div>\r\n\n<div style=\"height:50px\" aria-hidden=\"true\" class=\"wp-block-spacer\"><\/div>\n\n<h2 class=\"wp-block-heading\">Equipo de <em>ventas y comunicaciones<\/em><\/h2>\n    <div class=\"row\">\r\n            <div class=\"col-12 col-sm-6 col-xl-4 col-xxl-3 mb-4\">\r\n            <div class=\"item-equipe\" style=\"background-image: url('https:\/\/natureplast.eu\/wp-content\/uploads\/2025\/03\/Antoine-724x1024.jpg')\">\r\n                <div class=\"overlay\">\r\n                    <p class=\"titre\">Antoine Bartassot<\/p>\r\n                    <p class=\"fonction\">Ventas de exportaci\u00f3n<\/p>\r\n                    <p class=\"description\">Licenciado en Comercio Internacional y M\u00e1ster en Empresa por la ESC de Troyes, Antoine es responsable de marketing de exportaci\u00f3n desde 2020.  <\/p>\r\n                <\/div>\r\n            <\/div>\r\n        <\/div>\r\n            <div class=\"col-12 col-sm-6 col-xl-4 col-xxl-3 mb-4\">\r\n            <div class=\"item-equipe\" style=\"background-image: url('https:\/\/natureplast.eu\/wp-content\/uploads\/2025\/03\/Louane-724x1024.jpg')\">\r\n                <div class=\"overlay\">\r\n                    <p class=\"titre\">Louane Le Mou\u00ebllic<\/p>\r\n                    <p class=\"fonction\">Comercial<\/p>\r\n                    <p class=\"description\">Con un m\u00e1ster en Comercio Internacional, Louane se incorpor\u00f3 oficialmente al equipo de ventas en 2024, tras un a\u00f1o de pr\u00e1cticas en la empresa.  <\/p>\r\n                <\/div>\r\n            <\/div>\r\n        <\/div>\r\n            <div class=\"col-12 col-sm-6 col-xl-4 col-xxl-3 mb-4\">\r\n            <div class=\"item-equipe\" style=\"background-image: url('https:\/\/natureplast.eu\/wp-content\/uploads\/2025\/03\/Marie-724x1024.jpg')\">\r\n                <div class=\"overlay\">\r\n                    <p class=\"titre\">Marie Ulvoa<\/p>\r\n                    <p class=\"fonction\">Asistente ejecutiva<\/p>\r\n                    <p class=\"description\">Licenciada en Filolog\u00eda Inglesa y diplomada en Asistente Ejecutiva, Marie se incorpor\u00f3 al equipo en 2021, tras unos quince a\u00f1os de experiencia en funciones de apoyo administrativo y comercial.<\/p>\r\n                <\/div>\r\n            <\/div>\r\n        <\/div>\r\n            <div class=\"col-12 col-sm-6 col-xl-4 col-xxl-3 mb-4\">\r\n            <div class=\"item-equipe\" style=\"background-image: url('https:\/\/natureplast.eu\/wp-content\/uploads\/2025\/04\/Hugo-724x1024.png')\">\r\n                <div class=\"overlay\">\r\n                    <p class=\"titre\">Hugo Bourienne  <\/p>\r\n                    <p class=\"fonction\">Aprendiz de ventas<\/p>\r\n                    <p class=\"description\">Hugo tiene un BTS (HND) en Comercio Internacional y actualmente est\u00e1 estudiando una licenciatura en Francia y Desarrollo Empresarial Internacional. Se incorpor\u00f3 al equipo en septiembre de 2024 en un curso sandwich para completar su formaci\u00f3n y contribuir al desarrollo empresarial de la empresa.<\/p>\r\n                <\/div>\r\n            <\/div>\r\n        <\/div>\r\n            <div class=\"col-12 col-sm-6 col-xl-4 col-xxl-3 mb-4\">\r\n            <div class=\"item-equipe\" style=\"background-image: url('https:\/\/natureplast.eu\/wp-content\/uploads\/2025\/03\/Maelys-724x1024.jpg')\">\r\n                <div class=\"overlay\">\r\n                    <p class=\"titre\">Ma\u00eblys Moreno<\/p>\r\n                    <p class=\"fonction\">Responsable de Comunicaci\u00f3n Estudiantil  <\/p>\r\n                    <p class=\"description\">Ma\u00eblys es licenciada en Comunicaci\u00f3n y actualmente cursa una licenciatura en Gesti\u00f3n de Proyectos de Marketing y Comunicaci\u00f3n. Se incorpor\u00f3 al equipo en septiembre de 2024 en r\u00e9gimen de formaci\u00f3n en alternancia para seguir y aprender dentro de la empresa al tiempo que contribuye a sus iniciativas de comunicaci\u00f3n.<\/p>\r\n                <\/div>\r\n            <\/div>\r\n        <\/div>\r\n        <\/div>\r\n\n<div style=\"height:50px\" aria-hidden=\"true\" class=\"wp-block-spacer\"><\/div>\n\n<h2 class=\"wp-block-heading\">El equipo <em>de I+D<\/em><\/h2>\n    <div class=\"row\">\r\n            <div class=\"col-12 col-sm-6 col-xl-4 col-xxl-3 mb-4\">\r\n            <div class=\"item-equipe\" style=\"background-image: url('https:\/\/natureplast.eu\/wp-content\/uploads\/2025\/03\/Amelie-724x1024.jpg')\">\r\n                <div class=\"overlay\">\r\n                    <p class=\"titre\">Am\u00e9lie Raingu\u00e9<\/p>\r\n                    <p class=\"fonction\">Gestor de proyectos Ru0026D<\/p>\r\n                    <p class=\"description\">Licenciada en Ingenier\u00eda Qu\u00edmica por la Escuela Europea de Qu\u00edmica, Pol\u00edmeros y Materiales de Estrasburgo, Am\u00e9lie se encarga desde 2016 de la gesti\u00f3n de proyectos de clientes y de colaboraci\u00f3n.  <\/p>\r\n                <\/div>\r\n            <\/div>\r\n        <\/div>\r\n            <div class=\"col-12 col-sm-6 col-xl-4 col-xxl-3 mb-4\">\r\n            <div class=\"item-equipe\" style=\"background-image: url('https:\/\/natureplast.eu\/wp-content\/uploads\/2025\/03\/Pauline-724x1024.jpg')\">\r\n                <div class=\"overlay\">\r\n                    <p class=\"titre\">Pauline Moreau<\/p>\r\n                    <p class=\"fonction\">Gestor de proyectos Ru0026D<\/p>\r\n                    <p class=\"description\">Licenciada en Ciencias de los Materiales e Ingenier\u00eda por el INSA de Lyon, Pauline ya hab\u00eda realizado sus pr\u00e1cticas de fin de estudios de ingenier\u00eda en NaturePlast. Esta exitosa experiencia le permiti\u00f3 unirse a nosotros unos a\u00f1os m\u00e1s tarde, en 2019, para formar parte del equipo Ru0026D como Directora de Proyectos. <\/p>\r\n                <\/div>\r\n            <\/div>\r\n        <\/div>\r\n            <div class=\"col-12 col-sm-6 col-xl-4 col-xxl-3 mb-4\">\r\n            <div class=\"item-equipe\" style=\"background-image: url('https:\/\/natureplast.eu\/wp-content\/uploads\/2025\/03\/Maelle-2-724x1024.jpg')\">\r\n                <div class=\"overlay\">\r\n                    <p class=\"titre\">Ma\u00eblle Courvalet<\/p>\r\n                    <p class=\"fonction\">Gestor de proyectos Ru0026D<\/p>\r\n                    <p class=\"description\">DUT en qu\u00edmica y licenciada en ingenier\u00eda qu\u00edmica y formulaci\u00f3n por la ESCOM, Ma\u00eblle se encarga de la gesti\u00f3n de proyectos de clientes y de colaboraci\u00f3n desde 2020.  <\/p>\r\n                <\/div>\r\n            <\/div>\r\n        <\/div>\r\n        <\/div>\r\n\n<div style=\"height:50px\" aria-hidden=\"true\" class=\"wp-block-spacer\"><\/div>\n\n<h2 class=\"wp-block-heading\">El equipo de <em>producci\u00f3n<\/em><\/h2>\n    <div class=\"row\">\r\n            <div class=\"col-12 col-sm-6 col-xl-4 col-xxl-3 mb-4\">\r\n            <div class=\"item-equipe\" style=\"background-image: url('https:\/\/natureplast.eu\/wp-content\/uploads\/2025\/03\/Deborah-724x1024.png')\">\r\n                <div class=\"overlay\">\r\n                    <p class=\"titre\">D\u00e9borah Madeleine<\/p>\r\n                    <p class=\"fonction\">Jefe de taller<\/p>\r\n                    <p class=\"description\">Diplomada en Industrias del Pl\u00e1stico y con 6 a\u00f1os de experiencia en inyecci\u00f3n de pol\u00edmeros, D\u00e9borah es responsable del taller de transformaci\u00f3n NaturePlast \/ BiopolyNov desde 2018.<\/p>\r\n                <\/div>\r\n            <\/div>\r\n        <\/div>\r\n            <div class=\"col-12 col-sm-6 col-xl-4 col-xxl-3 mb-4\">\r\n            <div class=\"item-equipe\" style=\"background-image: url('https:\/\/natureplast.eu\/wp-content\/uploads\/2025\/03\/Maxime-724x1024.jpg')\">\r\n                <div class=\"overlay\">\r\n                    <p class=\"titre\">Maxime Guilloy<\/p>\r\n                    <p class=\"fonction\">T\u00e9cnico de taller<\/p>\r\n                    <p class=\"description\">Fisicoculturista cualificado, Maxime se encarga de la preparaci\u00f3n de los pedidos, de la actividad de trituraci\u00f3n\/micronizaci\u00f3n y de la utilizaci\u00f3n de los equipos de transformaci\u00f3n de pl\u00e1sticos.<\/p>\r\n                <\/div>\r\n            <\/div>\r\n        <\/div>\r\n            <div class=\"col-12 col-sm-6 col-xl-4 col-xxl-3 mb-4\">\r\n            <div class=\"item-equipe\" style=\"background-image: url('https:\/\/natureplast.eu\/wp-content\/uploads\/2025\/03\/Felix-724x1024.png')\">\r\n                <div class=\"overlay\">\r\n                    <p class=\"titre\">  Lidawo F\u00e9lix Bekpoli  <\/p>\r\n                    <p class=\"fonction\">T\u00e9cnico de producci\u00f3n en pr\u00e1cticas<\/p>\r\n                    <p class=\"description\">F\u00e9lix es licenciado en Ciencias Qu\u00edmicas y actualmente cursa un BTS en Europl\u00e1sticos y Composites. Se incorpor\u00f3 al equipo en septiembre de 2024 para continuar su BTS en alternancia y aprender a gestionar y optimizar los procesos de transformaci\u00f3n.<\/p>\r\n                <\/div>\r\n            <\/div>\r\n        <\/div>\r\n        <\/div>\r\n","protected":false},"excerpt":{"rendered":"<p>Gesti\u00f3n Equipo de ventas y comunicaciones El equipo de I+D El equipo de producci\u00f3n<\/p>\n","protected":false},"author":4,"featured_media":0,"parent":6807,"menu_order":0,"comment_status":"closed","ping_status":"closed","template":"","meta":{"_acf_changed":false,"footnotes":""},"class_list":["post-9133","page","type-page","status-publish","hentry"],"acf":[],"_links":{"self":[{"href":"https:\/\/natureplast.eu\/es\/wp-json\/wp\/v2\/pages\/9133","targetHints":{"allow":["GET"]}}],"collection":[{"href":"https:\/\/natureplast.eu\/es\/wp-json\/wp\/v2\/pages"}],"about":[{"href":"https:\/\/natureplast.eu\/es\/wp-json\/wp\/v2\/types\/page"}],"author":[{"embeddable":true,"href":"https:\/\/natureplast.eu\/es\/wp-json\/wp\/v2\/users\/4"}],"replies":[{"embeddable":true,"href":"https:\/\/natureplast.eu\/es\/wp-json\/wp\/v2\/comments?post=9133"}],"version-history":[{"count":3,"href":"https:\/\/natureplast.eu\/es\/wp-json\/wp\/v2\/pages\/9133\/revisions"}],"predecessor-version":[{"id":9635,"href":"https:\/\/natureplast.eu\/es\/wp-json\/wp\/v2\/pages\/9133\/revisions\/9635"}],"up":[{"embeddable":true,"href":"https:\/\/natureplast.eu\/es\/wp-json\/wp\/v2\/pages\/6807"}],"wp:attachment":[{"href":"https:\/\/natureplast.eu\/es\/wp-json\/wp\/v2\/media?parent=9133"}],"curies":[{"name":"wp","href":"https:\/\/api.w.org\/{rel}","templated":true}]}}